{"id":22007,"date":"2024-09-09T23:28:53","date_gmt":"2024-09-09T21:28:53","guid":{"rendered":"https:\/\/thegate-festival.com\/?post_type=tribe_events&#038;p=22007"},"modified":"2024-10-01T19:52:20","modified_gmt":"2024-10-01T17:52:20","slug":"air-starts-festival","status":"publish","type":"tribe_events","link":"https:\/\/thegate-festival.com\/ca\/event\/air-starts-festival\/","title":{"rendered":"AIR S+T+ARTS FESTIVAL"},"content":{"rendered":"<div data-elementor-type=\"tec_event_single_static\" data-elementor-id=\"22007\" class=\"elementor elementor-22007\" data-elementor-post-type=\"tribe_events\">\n\t\t\t\t\t\t<section class=\"elementor-section elementor-top-section elementor-element elementor-element-ed1095e elementor-section-boxed elementor-section-height-default elementor-section-height-default sc_fly_static\" data-id=\"ed1095e\" data-element_type=\"section\" data-e-type=\"section\">\n\t\t\t\t\t\t<div class=\"elementor-container elementor-column-gap-extended\">\n\t\t\t\t\t<div class=\"elementor-column elementor-col-100 elementor-top-column elementor-element elementor-element-5e9a3a5 sc_inner_width_none sc_content_align_inherit sc_layouts_column_icons_position_left sc_fly_static\" data-id=\"5e9a3a5\" data-element_type=\"column\" data-e-type=\"column\">\n\t\t\t<div class=\"elementor-widget-wrap elementor-element-populated\">\n\t\t\t\t\t\t<div class=\"elementor-element elementor-element-f702d77 sc_fly_static elementor-widget elementor-widget-heading\" data-id=\"f702d77\" data-element_type=\"widget\" data-e-type=\"widget\" data-widget_type=\"heading.default\">\n\t\t\t\t<div class=\"elementor-widget-container\">\n\t\t\t\t\t<h1 class=\"elementor-heading-title elementor-size-default\">AIR S+T+ARTS Festival<\/h1>\t\t\t\t<\/div>\n\t\t\t\t<\/div>\n\t\t\t\t\t<\/div>\n\t\t<\/div>\n\t\t\t\t\t<\/div>\n\t\t<\/section>\n\t\t\t\t<section class=\"elementor-section elementor-top-section elementor-element elementor-element-74ef3b8 elementor-section-boxed elementor-section-height-default elementor-section-height-default sc_fly_static\" data-id=\"74ef3b8\" data-element_type=\"section\" data-e-type=\"section\">\n\t\t\t\t\t\t<div class=\"elementor-container elementor-column-gap-extended\">\n\t\t\t\t\t<div class=\"elementor-column elementor-col-33 elementor-top-column elementor-element elementor-element-c8c01b0 sc_inner_width_none sc_content_align_inherit sc_layouts_column_icons_position_left sc_fly_static\" data-id=\"c8c01b0\" data-element_type=\"column\" data-e-type=\"column\">\n\t\t\t<div class=\"elementor-widget-wrap elementor-element-populated\">\n\t\t\t\t\t\t<div class=\"elementor-element elementor-element-2ec86ae sc_fly_static elementor-widget elementor-widget-heading\" data-id=\"2ec86ae\" data-element_type=\"widget\" data-e-type=\"widget\" data-widget_type=\"heading.default\">\n\t\t\t\t<div class=\"elementor-widget-container\">\n\t\t\t\t\t<h4 class=\"elementor-heading-title elementor-size-default\">Presentant la connexi\u00f3 entre ci\u00e8ncia, tecnologia, art i societat<\/h4>\t\t\t\t<\/div>\n\t\t\t\t<\/div>\n\t\t\t\t<section class=\"elementor-section elementor-inner-section elementor-element elementor-element-d9b4327 elementor-section-boxed elementor-section-height-default elementor-section-height-default sc_fly_static\" data-id=\"d9b4327\" data-element_type=\"section\" data-e-type=\"section\">\n\t\t\t\t\t\t<div class=\"elementor-container elementor-column-gap-no\">\n\t\t\t\t\t<div class=\"elementor-column elementor-col-50 elementor-inner-column elementor-element elementor-element-df5651d sc_inner_width_none sc_content_align_inherit sc_layouts_column_icons_position_left sc_fly_static\" data-id=\"df5651d\" data-element_type=\"column\" data-e-type=\"column\">\n\t\t\t<div class=\"elementor-widget-wrap elementor-element-populated\">\n\t\t\t\t\t\t<div class=\"elementor-element elementor-element-1b19eb3 sc_fly_static elementor-widget elementor-widget-text-editor\" data-id=\"1b19eb3\" data-element_type=\"widget\" data-e-type=\"widget\" data-widget_type=\"text-editor.default\">\n\t\t\t\t<div class=\"elementor-widget-container\">\n\t\t\t\t\t\t\t\t\t<p><strong>Ubicaci\u00f3<\/strong><\/p>\t\t\t\t\t\t\t\t<\/div>\n\t\t\t\t<\/div>\n\t\t\t\t\t<\/div>\n\t\t<\/div>\n\t\t\t\t<div class=\"elementor-column elementor-col-50 elementor-inner-column elementor-element elementor-element-53bd80f sc_inner_width_none sc_content_align_inherit sc_layouts_column_icons_position_left sc_fly_static\" data-id=\"53bd80f\" data-element_type=\"column\" data-e-type=\"column\">\n\t\t\t<div class=\"elementor-widget-wrap elementor-element-populated\">\n\t\t\t\t\t\t<div class=\"elementor-element elementor-element-8318beb sc_fly_static elementor-widget elementor-widget-text-editor\" data-id=\"8318beb\" data-element_type=\"widget\" data-e-type=\"widget\" data-widget_type=\"text-editor.default\">\n\t\t\t\t<div class=\"elementor-widget-container\">\n\t\t\t\t\t\t\t\t\t<p>Fundaci\u00f3 \u00c8pica La Fura dels Baus<\/p>\t\t\t\t\t\t\t\t<\/div>\n\t\t\t\t<\/div>\n\t\t\t\t\t<\/div>\n\t\t<\/div>\n\t\t\t\t\t<\/div>\n\t\t<\/section>\n\t\t\t\t<section class=\"elementor-section elementor-inner-section elementor-element elementor-element-1299854 elementor-section-boxed elementor-section-height-default elementor-section-height-default sc_fly_static\" data-id=\"1299854\" data-element_type=\"section\" data-e-type=\"section\">\n\t\t\t\t\t\t<div class=\"elementor-container elementor-column-gap-no\">\n\t\t\t\t\t<div class=\"elementor-column elementor-col-50 elementor-inner-column elementor-element elementor-element-3576ac3 sc_inner_width_none sc_content_align_inherit sc_layouts_column_icons_position_left sc_fly_static\" data-id=\"3576ac3\" data-element_type=\"column\" data-e-type=\"column\">\n\t\t\t<div class=\"elementor-widget-wrap elementor-element-populated\">\n\t\t\t\t\t\t<div class=\"elementor-element elementor-element-5f3338f sc_fly_static elementor-widget elementor-widget-text-editor\" data-id=\"5f3338f\" data-element_type=\"widget\" data-e-type=\"widget\" data-widget_type=\"text-editor.default\">\n\t\t\t\t<div class=\"elementor-widget-container\">\n\t\t\t\t\t\t\t\t\t<p><strong>Data<\/strong><\/p>\t\t\t\t\t\t\t\t<\/div>\n\t\t\t\t<\/div>\n\t\t\t\t\t<\/div>\n\t\t<\/div>\n\t\t\t\t<div class=\"elementor-column elementor-col-50 elementor-inner-column elementor-element elementor-element-30782eb sc_inner_width_none sc_content_align_inherit sc_layouts_column_icons_position_left sc_fly_static\" data-id=\"30782eb\" data-element_type=\"column\" data-e-type=\"column\">\n\t\t\t<div class=\"elementor-widget-wrap elementor-element-populated\">\n\t\t\t\t\t\t<div class=\"elementor-element elementor-element-6036521 sc_fly_static elementor-widget elementor-widget-text-editor\" data-id=\"6036521\" data-element_type=\"widget\" data-e-type=\"widget\" data-widget_type=\"text-editor.default\">\n\t\t\t\t<div class=\"elementor-widget-container\">\n\t\t\t\t\t\t\t\t\t<p>26 i 27 d'octubre, des de les 18.30 fins a les 23.30<\/p>\t\t\t\t\t\t\t\t<\/div>\n\t\t\t\t<\/div>\n\t\t\t\t\t<\/div>\n\t\t<\/div>\n\t\t\t\t\t<\/div>\n\t\t<\/section>\n\t\t\t\t<div class=\"elementor-element elementor-element-ffb3e64 sc_fly_static elementor-widget elementor-widget-trx_sc_button\" data-id=\"ffb3e64\" data-element_type=\"widget\" data-e-type=\"widget\" data-widget_type=\"trx_sc_button.default\">\n\t\t\t\t<div class=\"elementor-widget-container\">\n\t\t\t\t\t<div\tclass=\"sc_item_button sc_button_wrap sc_align_left\" ><a href=\"https:\/\/za285qxzmpn.typeform.com\/to\/EVheImkR\" class=\"sc_button sc_button_slide sc_button_size_large sc_button_icon_left color_style_dark\" target=\"_blank\" ><span class=\"sc_button_text sc_align_left\"><span class=\"sc_button_title\">INSCRIURE'S<\/span><\/span><\/a><\/div>\t\t\t\t<\/div>\n\t\t\t\t<\/div>\n\t\t\t\t\t<\/div>\n\t\t<\/div>\n\t\t\t\t<div class=\"elementor-column elementor-col-66 elementor-top-column elementor-element elementor-element-244686f sc_inner_width_none sc_content_align_inherit sc_layouts_column_icons_position_left sc_fly_static\" data-id=\"244686f\" data-element_type=\"column\" data-e-type=\"column\">\n\t\t\t<div class=\"elementor-widget-wrap elementor-element-populated\">\n\t\t\t\t\t\t<div class=\"elementor-element elementor-element-5359fe1 sc_fly_static elementor-widget elementor-widget-video\" data-id=\"5359fe1\" data-element_type=\"widget\" data-e-type=\"widget\" data-settings=\"{&quot;video_type&quot;:&quot;vimeo&quot;}\" data-widget_type=\"video.default\">\n\t\t\t\t<div class=\"elementor-widget-container\">\n\t\t\t\t\t\t\t<div class=\"elementor-wrapper elementor-open-inline\">\n\t\t\t<iframe class=\"elementor-video-iframe\" allowfullscreen allow=\"clipboard-write\" title=\"vimeo Video Player\" src=\"https:\/\/player.vimeo.com\/video\/1001558243?color&amp;autopause=0&amp;loop=0&amp;muted=0&amp;title=1&amp;portrait=1&amp;byline=1#t=\"><\/iframe>\t\t<\/div>\n\t\t\t\t\t\t<\/div>\n\t\t\t\t<\/div>\n\t\t\t\t<div class=\"elementor-element elementor-element-a7f6449 sc_fly_static elementor-widget elementor-widget-text-editor\" data-id=\"a7f6449\" data-element_type=\"widget\" data-e-type=\"widget\" data-widget_type=\"text-editor.default\">\n\t\t\t\t<div class=\"elementor-widget-container\">\n\t\t\t\t\t\t\t\t\t<p>En la societat actual, en r\u00e0pida evoluci\u00f3 i liderada per la ci\u00e8ncia, \u00e9s crucial establir connexions significatives entre la ci\u00e8ncia, la tecnologia i l\u2019art. L\u2019AIR Festival \u00e9s un esdeveniment innovador que presenta el treball visionari de 10 artistes internacionals en col\u00b7laboraci\u00f3 amb cient\u00edfics que exploren dos temes clau: ecosistemes urbans resilients entre esp\u00e8cies i les interaccions entre els humans i la IA, oferint d\u2019aquesta manera perspectives innovadores i art\u00edstiques que modelen futurs sostenibles.<\/p><p>El festival est\u00e0 organitzat en el marc del projecte S+T+ARTS AIR i tindr\u00e0 lloc <strong>el 26 i el 27 d'octubre de 2024 a Badalona (Barcelona).<\/strong><\/p><p>Aquest esdeveniment de dos dies presentar\u00e0 el treball dels artistes residents i proveir\u00e0 una plataforma \u00fanica per al di\u00e0leg i l'intercanvi entre diferents camps d'especialitzaci\u00f3 al voltant del complex i multifac\u00e8tic concepte d'aire i la seva significan\u00e7a, impacte i potencial per a inspirar el canvi.<\/p>\t\t\t\t\t\t\t\t<\/div>\n\t\t\t\t<\/div>\n\t\t\t\t<div class=\"elementor-element elementor-element-603e85b sc_fly_static elementor-widget elementor-widget-trx_sc_button\" data-id=\"603e85b\" data-element_type=\"widget\" data-e-type=\"widget\" data-widget_type=\"trx_sc_button.default\">\n\t\t\t\t<div class=\"elementor-widget-container\">\n\t\t\t\t\t<div\tclass=\"sc_item_button sc_button_wrap sc_align_left\" ><a href=\"https:\/\/za285qxzmpn.typeform.com\/to\/EVheImkR\" class=\"sc_button sc_button_slide sc_button_size_large sc_button_icon_left color_style_dark\" target=\"_blank\" ><span class=\"sc_button_text sc_align_left\"><span class=\"sc_button_title\">INSCRIURE'S<\/span><\/span><\/a><\/div>\t\t\t\t<\/div>\n\t\t\t\t<\/div>\n\t\t\t\t<div class=\"elementor-element elementor-element-7683491 sc_fly_static elementor-widget elementor-widget-image\" data-id=\"7683491\" data-element_type=\"widget\" data-e-type=\"widget\" data-widget_type=\"image.default\">\n\t\t\t\t<div class=\"elementor-widget-container\">\n\t\t\t\t\t\t\t\t\t\t\t\t\t\t\t<img fetchpriority=\"high\" decoding=\"async\" width=\"1024\" height=\"435\" src=\"https:\/\/thegate-festival.com\/wp-content\/uploads\/2020\/05\/theGate-starts-air-logo-01-1024x435.jpg\" class=\"attachment-large size-large wp-image-21660\" alt=\"\" srcset=\"https:\/\/thegate-festival.com\/wp-content\/uploads\/2020\/05\/theGate-starts-air-logo-01-1024x435.jpg 1024w, https:\/\/thegate-festival.com\/wp-content\/uploads\/2020\/05\/theGate-starts-air-logo-01-300x127.jpg 300w, https:\/\/thegate-festival.com\/wp-content\/uploads\/2020\/05\/theGate-starts-air-logo-01-768x326.jpg 768w, https:\/\/thegate-festival.com\/wp-content\/uploads\/2020\/05\/theGate-starts-air-logo-01-1536x652.jpg 1536w, https:\/\/thegate-festival.com\/wp-content\/uploads\/2020\/05\/theGate-starts-air-logo-01-370x157.jpg 370w, https:\/\/thegate-festival.com\/wp-content\/uploads\/2020\/05\/theGate-starts-air-logo-01-840x357.jpg 840w, https:\/\/thegate-festival.com\/wp-content\/uploads\/2020\/05\/theGate-starts-air-logo-01-410x174.jpg 410w, https:\/\/thegate-festival.com\/wp-content\/uploads\/2020\/05\/theGate-starts-air-logo-01.jpg 1920w\" sizes=\"(max-width: 1024px) 100vw, 1024px\" \/>\t\t\t\t\t\t\t\t\t\t\t\t\t\t\t<\/div>\n\t\t\t\t<\/div>\n\t\t\t\t<div class=\"elementor-element elementor-element-b7c59e4 sc_fly_static elementor-widget elementor-widget-heading\" data-id=\"b7c59e4\" data-element_type=\"widget\" data-e-type=\"widget\" data-widget_type=\"heading.default\">\n\t\t\t\t<div class=\"elementor-widget-container\">\n\t\t\t\t\t<h5 class=\"elementor-heading-title elementor-size-default\">CONEIX ALS ARTISTES<\/h5>\t\t\t\t<\/div>\n\t\t\t\t<\/div>\n\t\t\t\t<div class=\"elementor-element elementor-element-d0eb3d8 sc_fly_static elementor-widget elementor-widget-text-editor\" data-id=\"d0eb3d8\" data-element_type=\"widget\" data-e-type=\"widget\" data-widget_type=\"text-editor.default\">\n\t\t\t\t<div class=\"elementor-widget-container\">\n\t\t\t\t\t\t\t\t\t<p>L\u2019AIR Festival est\u00e0 dissenyat perqu\u00e8 l'audi\u00e8ncia experimenti com aquests artistes estan traspassant les fronteres de la creativitat, fusionant art amb ci\u00e8ncia i tecnologia per a abordar alguns dels assumptes m\u00e9s candents en els \u00e0mbits mediambientals i socials. A trav\u00e9s del seu treball, tenen com a prop\u00f2sit fer l'invisible visible, acostant les experi\u00e8ncies humanes i els mons naturals i tecnol\u00f2gics.<\/p><p>L'esdeveniment ofereix la possibilitat de:<\/p><ul><li>Experimentar la innovaci\u00f3.<br \/><i style=\"font-family: inherit; color: var(--theme-color-text); letter-spacing: 0px;\">Submergeix-te en les exhibicions com a resultat d'una fusi\u00f3 d'art i ci\u00e8ncia que transcendeix els l\u00edmits disciplinaris, presentant idees avantguardistes i conceptes visionaris que tracten els reptes del futur.<\/i><\/li><\/ul><ul><li>Ser part activa d'experiments artisticocient\u00edfics.<br \/><i>Participa, interactua i juga un paper clau en les innovadores col\u00b7laboracions on art i ci\u00e8ncia convergeixen.<\/i><i>Les mostres et permetran experimentar de primera m\u00e0 les noves solucions artisticocient\u00edfiques sobre el tema de l'aire de la m\u00e0 de 10 artistes internacionals juntament amb investigadors cient\u00edfics i tecnol\u00f2gics.<\/i><\/li><\/ul><ul><li>Formar part del vibrant ecosistema que anticipa el futur.<br \/><i>Forma part d'una comunitat din\u00e0mica avantguardista que anticipa i modela les tend\u00e8ncies futures contribuint a un ambient innovador i contemporani.<\/i><\/li><\/ul><h6>Coneix als socis del AIR Festival<\/h6><p>L\u2019AIR Festival est\u00e0 organitzat per la Fundaci\u00f3 \u00c8pica La Fura dels Baus en col\u00b7laboraci\u00f3 amb set socis de cinc pa\u00efsos europeus. Els S+T+ARTS Regional Centers actuen com a catalitzadors per a experiments art\u00edstics, resid\u00e8ncies, sessions de transfer\u00e8ncia de coneixement, tallers i la producci\u00f3 del AIR Festival.<\/p><p>Coneix als socis dedicats a fomentar la innovaci\u00f3 impulsada per l'art:<\/p><p><a href=\"https:\/\/www.hlrs.de\/\">_High-Performance Computing Center Stuttgart<\/a>, Alemanya<br \/><a title=\"https:\/\/www.bsc.es\" href=\"https:\/\/www.bsc.es\/\">_Barcelona Supercomputing Center<\/a>, Espanya<br \/><a title=\"https:\/\/www.pina.si\/en\/home\/\" href=\"https:\/\/www.pina.si\/en\/home\/\">_Association for Culture and Education PiNA<\/a>, Eslov\u00e8nia<br \/><a title=\"https:\/\/fundacionepica.org\" href=\"https:\/\/fundacionepica.org\/\">_Fundaci\u00f3n \u00c9pica La Fura dels Baus<\/a>, Espanya<br \/><a title=\"https:\/\/www.in4art.eu\" href=\"https:\/\/www.in4art.eu\/\">_In4Art<\/a>, Holanda<br \/><a title=\"https:\/\/csl.sony.it\" href=\"https:\/\/csl.sony.it\/\">_Sony Computer Science Laboratories \u2013 Rome<\/a>, It\u00e0lia<br \/><a title=\"https:\/\/www.rcrarquitectes.es\" href=\"https:\/\/www.rcrarquitectes.es\/\">_RCR LAB\u00b7A<\/a>, Espanya<br \/><a title=\"https:\/\/www.msc-bw.com\" href=\"https:\/\/www.msc-bw.com\/\">_The Media Solution Center Baden W\u00fcrttemberg e.V.<\/a>, Alemanya<\/p><ul><li><a title=\"https:\/\/starts.eu\/what-we-do\/residences\/air-2\/\" href=\"https:\/\/starts.eu\/what-we-do\/residences\/air-2\/\">M\u00e9s informaci\u00f3 sobre el projecte AIR S+T+ARTS <\/a><\/li><\/ul>\t\t\t\t\t\t\t\t<\/div>\n\t\t\t\t<\/div>\n\t\t\t\t\t<\/div>\n\t\t<\/div>\n\t\t\t\t\t<\/div>\n\t\t<\/section>\n\t\t\t\t<\/div>","protected":false},"excerpt":{"rendered":"<p>L\u2019AIR Festival, dins del marc de treball del projecte AIR, finan\u00e7at per la Comissi\u00f3 Europea en el programa S+T+ARTS, \u00e9s un esdeveniment innovador que presenta el treball visionari de 10 artistes internacionals a trav\u00e9s de la col\u00b7laboraci\u00f3 amb cient\u00edfics i tecn\u00f2legs que exploren el concepte d'aire.<\/p>","protected":false},"author":1,"featured_media":22351,"template":"","meta":{"_tribe_events_status":"","_tribe_events_status_reason":"","footnotes":""},"tags":[],"tribe_events_cat":[239],"class_list":["post-22007","tribe_events","type-tribe_events","status-publish","has-post-thumbnail","hentry","tribe_events_cat-exposition","cat_exposition"],"_links":{"self":[{"href":"https:\/\/thegate-festival.com\/ca\/wp-json\/wp\/v2\/tribe_events\/22007","targetHints":{"allow":["GET"]}}],"collection":[{"href":"https:\/\/thegate-festival.com\/ca\/wp-json\/wp\/v2\/tribe_events"}],"about":[{"href":"https:\/\/thegate-festival.com\/ca\/wp-json\/wp\/v2\/types\/tribe_events"}],"author":[{"embeddable":true,"href":"https:\/\/thegate-festival.com\/ca\/wp-json\/wp\/v2\/users\/1"}],"version-history":[{"count":9,"href":"https:\/\/thegate-festival.com\/ca\/wp-json\/wp\/v2\/tribe_events\/22007\/revisions"}],"predecessor-version":[{"id":23785,"href":"https:\/\/thegate-festival.com\/ca\/wp-json\/wp\/v2\/tribe_events\/22007\/revisions\/23785"}],"wp:featuredmedia":[{"embeddable":true,"href":"https:\/\/thegate-festival.com\/ca\/wp-json\/wp\/v2\/media\/22351"}],"wp:attachment":[{"href":"https:\/\/thegate-festival.com\/ca\/wp-json\/wp\/v2\/media?parent=22007"}],"wp:term":[{"taxonomy":"post_tag","embeddable":true,"href":"https:\/\/thegate-festival.com\/ca\/wp-json\/wp\/v2\/tags?post=22007"},{"taxonomy":"tribe_events_cat","embeddable":true,"href":"https:\/\/thegate-festival.com\/ca\/wp-json\/wp\/v2\/tribe_events_cat?post=22007"}],"curies":[{"name":"wp","href":"https:\/\/api.w.org\/{rel}","templated":true}]}}